{"id":5630,"date":"2023-04-22T11:23:38","date_gmt":"2023-04-22T09:23:38","guid":{"rendered":"https:\/\/www.hotelcolor.sk\/alloggio\/"},"modified":"2025-04-01T08:32:12","modified_gmt":"2025-04-01T06:32:12","slug":"alloggio","status":"publish","type":"page","link":"https:\/\/www.hotelcolor.es\/it\/alloggio\/","title":{"rendered":"Alloggio"},"content":{"rendered":"\t\t<div data-elementor-type=\"wp-page\" data-elementor-id=\"5630\" class=\"elementor elementor-5630 elementor-1032\" data-elementor-post-type=\"page\">\n\t\t\t\t\t\t\t\t\t<section class=\"elementor-section elementor-top-section elementor-element elementor-element-8ecbd63 elementor-section-height-min-height cs-section-content-fullwidth cs-parallax-on-scroll cs_scroll_y_100 elementor-section-boxed elementor-section-height-default elementor-section-items-middle\" data-id=\"8ecbd63\" data-element_type=\"section\" data-settings=\"{&quot;background_background&quot;:&quot;classic&quot;}\" data-cs-parallax-y=\"100\" style=\"background-image: none;\" data-cs-background-image=\"https:\/\/www.hotelcolor.es\/wp-content\/uploads\/2024\/01\/izba-color.jpg\">\n\t\t\t\t\t\t\t<div class=\"elementor-background-overlay\"><\/div>\n\t\t\t\t\t\t\t<div class=\"elementor-container elementor-column-gap-no\">\n\t\t\t\t\t<div class=\"elementor-column elementor-col-100 elementor-top-column elementor-element elementor-element-47b0f3b dark-color\" data-id=\"47b0f3b\" data-element_type=\"column\">\n\t\t\t<div class=\"elementor-widget-wrap elementor-element-populated\">\n\t\t\t\t\t\t\t\t<div class=\"elementor-element elementor-element-31c3948 elementor-widget elementor-widget-cs_title\" data-id=\"31c3948\" data-element_type=\"widget\" data-widget_type=\"cs_title.default\">\n\t\t\t\t<div class=\"elementor-widget-container\">\n\t\t\t\n        <div class=\"cs-title-wrap text-center\">\t            <h1 class=\"cs-title\">\n\t                ALLOGGIO\t            <\/h1>\t            <div class=\"cs-title-text\">\n\t                <p>Un luogo in cui una sistemazione confortevole incontra un&#8217;atmosfera colorata<\/p>\t            <\/div>        <\/div>\t\t<\/div>\n\t\t\t\t<\/div>\n\t\t\t\t\t<\/div>\n\t\t<\/div>\n\t\t\t\t\t\t\t<\/div>\n\t\t<\/section>\n\t\t\t\t<section class=\"elementor-section elementor-top-section elementor-element elementor-element-ed2fcc0 elementor-section-boxed elementor-section-height-default elementor-section-height-default\" data-id=\"ed2fcc0\" data-element_type=\"section\">\n\t\t\t\t\t\t<div class=\"elementor-container elementor-column-gap-no\">\n\t\t\t\t\t<div class=\"elementor-column elementor-col-100 elementor-top-column elementor-element elementor-element-28bcbe9\" data-id=\"28bcbe9\" data-element_type=\"column\">\n\t\t\t<div class=\"elementor-widget-wrap elementor-element-populated\">\n\t\t\t\t\t\t\t\t<div class=\"elementor-element elementor-element-31ef03a elementor-widget elementor-widget-cs_title\" data-id=\"31ef03a\" data-element_type=\"widget\" data-widget_type=\"cs_title.default\">\n\t\t\t\t<div class=\"elementor-widget-container\">\n\t\t\t\n        <div class=\"cs-title-wrap text-center\">\t            <div class=\"cs-subtitle-wrap\"><span class=\"cs-subtitle\">Il nostro<\/span><\/div>\t            <h5 class=\"cs-title\">\n\t                CAMERE A COLORI DELL'HOTEL\t            <\/h5>\t            <div class=\"cs-title-text\">\n\t                <p> <\/p><p>Benvenuto all&#8217;Hotel Color, dove una sistemazione confortevole incontra un&#8217;atmosfera colorata. Ogni camera \u00e8 stata progettata all&#8217;insegna dell&#8217;eleganza e dello stile unico, con colori vivaci e comfort moderno. Con noi sperimenterai un&#8217;armonia di pace ed energia. Con un servizio eccezionale e un&#8217;attenzione personale, ti regaliamo un soggiorno indimenticabile pieno di gioia e di esperienze colorate. All&#8217;Hotel Color siamo pronti a illuminare il tuo soggiorno e a renderlo un capitolo colorato del tuo libro di viaggio.    <\/p>\t            <\/div>        <\/div>\t\t<\/div>\n\t\t\t\t<\/div>\n\t\t\t\t\t<\/div>\n\t\t<\/div>\n\t\t\t\t\t\t\t<\/div>\n\t\t<\/section>\n\t\t<div class=\"elementor-element elementor-element-36574fc elementor-hidden-tablet elementor-hidden-mobile e-flex e-con-boxed e-con e-parent\" data-id=\"36574fc\" data-element_type=\"container\" data-settings=\"{&quot;content_width&quot;:&quot;boxed&quot;}\" data-core-v316-plus=\"true\">\n\t\t\t\t\t<div class=\"e-con-inner\">\n\t\t<div class=\"elementor-element elementor-element-b4518a7 e-con-full e-flex e-con e-child\" data-id=\"b4518a7\" data-element_type=\"container\" data-settings=\"{&quot;content_width&quot;:&quot;full&quot;}\">\n\t\t\t\t<div class=\"elementor-element elementor-element-58321da cs-animation-small-offset elementor-invisible elementor-widget elementor-widget-cs_fancy_card\" data-id=\"58321da\" data-element_type=\"widget\" data-settings=\"{&quot;_animation&quot;:&quot;fadeInDown&quot;,&quot;_animation_delay&quot;:200}\" data-widget_type=\"cs_fancy_card.default\">\n\t\t\t\t<div class=\"elementor-widget-container\">\n\t\t\t\n\t\t<div class=\"cs-fancy-card style-2 text-center cs-hover-img-zoom\">\n            <div class=\"cs-fc-wrap\">\t                <a class=\"cs-fc-link\" href=\"https:\/\/www.hotelcolor.es\/it\/comfort-plus\/\"><\/a>\t               \t<div class=\"cs-fc-img\">\n\t                    <img fetchpriority=\"high\" decoding=\"async\" width=\"550\" height=\"367\" src=\"https:\/\/www.hotelcolor.es\/wp-content\/uploads\/2025\/03\/Hotel-Color-Izba-Comfort-Plus-vyskakovacie-okno-550x367.jpg\" class=\"attachment-cozystay_550x9999 size-cozystay_550x9999 wp-image-4521\" alt=\"\" srcset=\"https:\/\/www.hotelcolor.es\/wp-content\/uploads\/2025\/03\/Hotel-Color-Izba-Comfort-Plus-vyskakovacie-okno-550x367.jpg 550w, https:\/\/www.hotelcolor.es\/wp-content\/uploads\/2025\/03\/Hotel-Color-Izba-Comfort-Plus-vyskakovacie-okno-300x200.jpg 300w, https:\/\/www.hotelcolor.es\/wp-content\/uploads\/2025\/03\/Hotel-Color-Izba-Comfort-Plus-vyskakovacie-okno-1024x683.jpg 1024w, https:\/\/www.hotelcolor.es\/wp-content\/uploads\/2025\/03\/Hotel-Color-Izba-Comfort-Plus-vyskakovacie-okno-768x512.jpg 768w, https:\/\/www.hotelcolor.es\/wp-content\/uploads\/2025\/03\/Hotel-Color-Izba-Comfort-Plus-vyskakovacie-okno-1536x1024.jpg 1536w, https:\/\/www.hotelcolor.es\/wp-content\/uploads\/2025\/03\/Hotel-Color-Izba-Comfort-Plus-vyskakovacie-okno-2048x1366.jpg 2048w, https:\/\/www.hotelcolor.es\/wp-content\/uploads\/2025\/03\/Hotel-Color-Izba-Comfort-Plus-vyskakovacie-okno-1920x1280.jpg 1920w, https:\/\/www.hotelcolor.es\/wp-content\/uploads\/2025\/03\/Hotel-Color-Izba-Comfort-Plus-vyskakovacie-okno-1440x960.jpg 1440w, https:\/\/www.hotelcolor.es\/wp-content\/uploads\/2025\/03\/Hotel-Color-Izba-Comfort-Plus-vyskakovacie-okno-1200x800.jpg 1200w, https:\/\/www.hotelcolor.es\/wp-content\/uploads\/2025\/03\/Hotel-Color-Izba-Comfort-Plus-vyskakovacie-okno-780x520.jpg 780w, https:\/\/www.hotelcolor.es\/wp-content\/uploads\/2025\/03\/Hotel-Color-Izba-Comfort-Plus-vyskakovacie-okno-600x400.jpg 600w, https:\/\/www.hotelcolor.es\/wp-content\/uploads\/2025\/03\/Hotel-Color-Izba-Comfort-Plus-vyskakovacie-okno-370x247.jpg 370w, https:\/\/www.hotelcolor.es\/wp-content\/uploads\/2025\/03\/Hotel-Color-Izba-Comfort-Plus-vyskakovacie-okno-255x170.jpg 255w\" sizes=\"(max-width: 550px) 100vw, 550px\" \/>\t                <\/div>\n                <div class=\"cs-fc-content\">\t\t\t            <h6 class=\"cs-fc-title cs-title\">\n\t\t\t                Comfort Plus\t\t\t            <\/h6>\t\t\t            <div class=\"cs-fc-text color-primary\">\n\t\t\t                <p>PREZZO A PARTIRE DA 120 \u20ac<\/p>\t\t\t            <\/div>\t\t                <div class=\"cs-fc-btn\">\n\t\t                    <a class=\"button cs-btn-underline\" role=\"button\" href=\"https:\/\/www.hotelcolor.es\/it\/comfort-plus\/\">\n\t\t                        <span class=\"cs-btn-text\">Prenota ora<\/span>\t\t                    <\/a>\n\t\t                <\/div>\t\t\t\t<\/div>\n            <\/div>\n        <\/div>\t\t<\/div>\n\t\t\t\t<\/div>\n\t\t\t\t<\/div>\n\t\t<div class=\"elementor-element elementor-element-27665f4 e-con-full e-flex e-con e-child\" data-id=\"27665f4\" data-element_type=\"container\" data-settings=\"{&quot;content_width&quot;:&quot;full&quot;}\">\n\t\t\t\t<div class=\"elementor-element elementor-element-e5402d8 elementor-widget elementor-widget-cs_title\" data-id=\"e5402d8\" data-element_type=\"widget\" data-widget_type=\"cs_title.default\">\n\t\t\t\t<div class=\"elementor-widget-container\">\n\t\t\t\n        <div class=\"cs-title-wrap text-center\">\t            <div class=\"cs-subtitle-wrap\"><span class=\"cs-subtitle\">LA CAMERA PI\u00d9 NUOVA DELL'HOTEL A COLORI<\/span><\/div>\t            <div class=\"cs-title-text\">\n\t                <p>Abbiamo progettato questo tipo di camera recentemente rinnovata ponendo l&#8217;accento sull&#8217;eleganza, la funzionalit\u00e0 e lo stile per assicurarti un soggiorno perfetto con noi. La caratteristica principale della camera \u00e8 il nuovissimo design del bagno, che offre non solo un aspetto lussuoso, ma anche un elevato comfort. In camera troverai servizi di prima classe per rendere il tuo soggiorno pi\u00f9 piacevole: un comodo letto con materasso di qualit\u00e0, mobili di design e connessione Wi-Fi veloce. Una moderna macchina da caff\u00e8 Nespresso con servizio di caff\u00e8 si prender\u00e0 cura del tuo comfort, per permetterti di iniziare la giornata in modo perfetto.     <\/p>\t            <\/div>        <\/div>\t\t<\/div>\n\t\t\t\t<\/div>\n\t\t\t\t<\/div>\n\t\t\t\t\t<\/div>\n\t\t\t\t<\/div>\n\t\t\t\t<section class=\"elementor-section elementor-top-section elementor-element elementor-element-4fe4621a elementor-hidden-desktop elementor-section-boxed elementor-section-height-default elementor-section-height-default\" data-id=\"4fe4621a\" data-element_type=\"section\">\n\t\t\t\t\t\t<div class=\"elementor-container elementor-column-gap-no\">\n\t\t\t\t\t<div class=\"elementor-column elementor-col-100 elementor-top-column elementor-element elementor-element-e64a9a0\" data-id=\"e64a9a0\" data-element_type=\"column\">\n\t\t\t<div class=\"elementor-widget-wrap elementor-element-populated\">\n\t\t\t\t\t\t\t\t<div class=\"elementor-element elementor-element-b60468c cs-animation-small-offset elementor-invisible elementor-widget elementor-widget-cs_fancy_card\" data-id=\"b60468c\" data-element_type=\"widget\" data-settings=\"{&quot;_animation&quot;:&quot;fadeInDown&quot;,&quot;_animation_delay&quot;:200}\" data-widget_type=\"cs_fancy_card.default\">\n\t\t\t\t<div class=\"elementor-widget-container\">\n\t\t\t\n\t\t<div class=\"cs-fancy-card style-2 text-center cs-hover-img-zoom\">\n            <div class=\"cs-fc-wrap\">\t                <a class=\"cs-fc-link\" href=\"https:\/\/www.hotelcolor.es\/it\/comfort-plus\/\"><\/a>\t               \t<div class=\"cs-fc-img\">\n\t                    <img decoding=\"async\" width=\"550\" height=\"825\" src=\"https:\/\/www.hotelcolor.es\/wp-content\/uploads\/2025\/03\/Hotel-Color-izba-Jakub-Kovalik-006-550x825.jpg\" class=\"attachment-cozystay_550x9999 size-cozystay_550x9999 wp-image-4522\" alt=\"\" srcset=\"https:\/\/www.hotelcolor.es\/wp-content\/uploads\/2025\/03\/Hotel-Color-izba-Jakub-Kovalik-006-550x825.jpg 550w, https:\/\/www.hotelcolor.es\/wp-content\/uploads\/2025\/03\/Hotel-Color-izba-Jakub-Kovalik-006-200x300.jpg 200w, https:\/\/www.hotelcolor.es\/wp-content\/uploads\/2025\/03\/Hotel-Color-izba-Jakub-Kovalik-006-683x1024.jpg 683w, https:\/\/www.hotelcolor.es\/wp-content\/uploads\/2025\/03\/Hotel-Color-izba-Jakub-Kovalik-006-768x1152.jpg 768w, https:\/\/www.hotelcolor.es\/wp-content\/uploads\/2025\/03\/Hotel-Color-izba-Jakub-Kovalik-006-1024x1536.jpg 1024w, https:\/\/www.hotelcolor.es\/wp-content\/uploads\/2025\/03\/Hotel-Color-izba-Jakub-Kovalik-006-1366x2048.jpg 1366w, https:\/\/www.hotelcolor.es\/wp-content\/uploads\/2025\/03\/Hotel-Color-izba-Jakub-Kovalik-006-1920x2880.jpg 1920w, https:\/\/www.hotelcolor.es\/wp-content\/uploads\/2025\/03\/Hotel-Color-izba-Jakub-Kovalik-006-1440x2160.jpg 1440w, https:\/\/www.hotelcolor.es\/wp-content\/uploads\/2025\/03\/Hotel-Color-izba-Jakub-Kovalik-006-1200x1800.jpg 1200w, https:\/\/www.hotelcolor.es\/wp-content\/uploads\/2025\/03\/Hotel-Color-izba-Jakub-Kovalik-006-780x1170.jpg 780w, https:\/\/www.hotelcolor.es\/wp-content\/uploads\/2025\/03\/Hotel-Color-izba-Jakub-Kovalik-006-600x900.jpg 600w, https:\/\/www.hotelcolor.es\/wp-content\/uploads\/2025\/03\/Hotel-Color-izba-Jakub-Kovalik-006-370x555.jpg 370w, https:\/\/www.hotelcolor.es\/wp-content\/uploads\/2025\/03\/Hotel-Color-izba-Jakub-Kovalik-006-255x382.jpg 255w, https:\/\/www.hotelcolor.es\/wp-content\/uploads\/2025\/03\/Hotel-Color-izba-Jakub-Kovalik-006-scaled.jpg 1707w\" sizes=\"(max-width: 550px) 100vw, 550px\" \/>\t                <\/div>\n                <div class=\"cs-fc-content\">\t\t\t            <h6 class=\"cs-fc-title cs-title\">\n\t\t\t                Comfort Plus\n\t\t\t            <\/h6>\t\t\t            <div class=\"cs-fc-text color-primary\">\n\t\t\t                <p>PREZZO A PARTIRE DA 120 \u20ac<\/p>\t\t\t            <\/div>\t\t                <div class=\"cs-fc-btn\">\n\t\t                    <a class=\"button cs-btn-underline\" role=\"button\" href=\"https:\/\/www.hotelcolor.es\/it\/comfort-plus\/\">\n\t\t                        <span class=\"cs-btn-text\">Prenota ora<\/span>\t\t                    <\/a>\n\t\t                <\/div>\t\t\t\t<\/div>\n            <\/div>\n        <\/div>\t\t<\/div>\n\t\t\t\t<\/div>\n\t\t\t\t\t<\/div>\n\t\t<\/div>\n\t\t\t\t\t\t\t<\/div>\n\t\t<\/section>\n\t\t\t\t<section class=\"elementor-section elementor-top-section elementor-element elementor-element-a868001 elementor-section-boxed elementor-section-height-default elementor-section-height-default\" data-id=\"a868001\" data-element_type=\"section\">\n\t\t\t\t\t\t<div class=\"elementor-container elementor-column-gap-no\">\n\t\t\t\t\t<div class=\"elementor-column elementor-col-33 elementor-top-column elementor-element elementor-element-98e9778\" data-id=\"98e9778\" data-element_type=\"column\">\n\t\t\t<div class=\"elementor-widget-wrap elementor-element-populated\">\n\t\t\t\t\t\t\t\t<div class=\"elementor-element elementor-element-d74777c cs-animation-small-offset elementor-invisible elementor-widget elementor-widget-cs_fancy_card\" data-id=\"d74777c\" data-element_type=\"widget\" data-settings=\"{&quot;_animation&quot;:&quot;fadeInDown&quot;,&quot;_animation_delay&quot;:200}\" data-widget_type=\"cs_fancy_card.default\">\n\t\t\t\t<div class=\"elementor-widget-container\">\n\t\t\t\n\t\t<div class=\"cs-fancy-card style-2 text-center cs-hover-img-zoom\">\n            <div class=\"cs-fc-wrap\">\t                <a class=\"cs-fc-link\" href=\"https:\/\/www.hotelcolor.es\/it\/business-premium-de-luxe\/\"><\/a>\t               \t<div class=\"cs-fc-img\">\n\t                    <img decoding=\"async\" width=\"550\" height=\"826\" src=\"https:\/\/www.hotelcolor.es\/wp-content\/uploads\/2024\/01\/img-36-2-550x826.jpg\" class=\"attachment-cozystay_550x9999 size-cozystay_550x9999 wp-image-2458\" alt=\"\" srcset=\"https:\/\/www.hotelcolor.es\/wp-content\/uploads\/2024\/01\/img-36-2-550x826.jpg 550w, https:\/\/www.hotelcolor.es\/wp-content\/uploads\/2024\/01\/img-36-2-200x300.jpg 200w, https:\/\/www.hotelcolor.es\/wp-content\/uploads\/2024\/01\/img-36-2-682x1024.jpg 682w, https:\/\/www.hotelcolor.es\/wp-content\/uploads\/2024\/01\/img-36-2-768x1154.jpg 768w, https:\/\/www.hotelcolor.es\/wp-content\/uploads\/2024\/01\/img-36-2-780x1172.jpg 780w, https:\/\/www.hotelcolor.es\/wp-content\/uploads\/2024\/01\/img-36-2-600x902.jpg 600w, https:\/\/www.hotelcolor.es\/wp-content\/uploads\/2024\/01\/img-36-2-370x556.jpg 370w, https:\/\/www.hotelcolor.es\/wp-content\/uploads\/2024\/01\/img-36-2-255x383.jpg 255w, https:\/\/www.hotelcolor.es\/wp-content\/uploads\/2024\/01\/img-36-2.jpg 800w\" sizes=\"(max-width: 550px) 100vw, 550px\" \/>\t                <\/div>\n                <div class=\"cs-fc-content\">\t\t\t            <h6 class=\"cs-fc-title cs-title\">\n\t\t\t                BUSINESS PREMIUM DE LUXE\t\t\t            <\/h6>\t\t\t            <div class=\"cs-fc-text color-primary\">\n\t\t\t                <p>PREZZO A PARTIRE DA 120 \u20ac<\/p>\t\t\t            <\/div>\t\t                <div class=\"cs-fc-btn\">\n\t\t                    <a class=\"button cs-btn-underline\" role=\"button\" href=\"https:\/\/www.hotelcolor.es\/it\/business-premium-de-luxe\/\">\n\t\t                        <span class=\"cs-btn-text\">Prenota ora<\/span>\t\t                    <\/a>\n\t\t                <\/div>\t\t\t\t<\/div>\n            <\/div>\n        <\/div>\t\t<\/div>\n\t\t\t\t<\/div>\n\t\t\t\t\t<\/div>\n\t\t<\/div>\n\t\t\t\t<div class=\"elementor-column elementor-col-33 elementor-top-column elementor-element elementor-element-e84edd4\" data-id=\"e84edd4\" data-element_type=\"column\">\n\t\t\t<div class=\"elementor-widget-wrap elementor-element-populated\">\n\t\t\t\t\t\t\t\t<div class=\"elementor-element elementor-element-c99f83e cs-animation-small-offset elementor-invisible elementor-widget elementor-widget-cs_fancy_card\" data-id=\"c99f83e\" data-element_type=\"widget\" data-settings=\"{&quot;_animation&quot;:&quot;fadeInUp&quot;,&quot;_animation_delay&quot;:200}\" data-widget_type=\"cs_fancy_card.default\">\n\t\t\t\t<div class=\"elementor-widget-container\">\n\t\t\t\n\t\t<div class=\"cs-fancy-card style-2 text-center cs-hover-img-zoom\">\n            <div class=\"cs-fc-wrap\">\t                <a class=\"cs-fc-link\" href=\"https:\/\/www.hotelcolor.es\/it\/tecnologia-de-luxe\/\"><\/a>\t               \t<div class=\"cs-fc-img\">\n\t                    <img loading=\"lazy\" decoding=\"async\" width=\"550\" height=\"826\" src=\"https:\/\/www.hotelcolor.es\/wp-content\/uploads\/2024\/01\/deluxe-color-550x826.jpg\" class=\"attachment-cozystay_550x9999 size-cozystay_550x9999 wp-image-2450\" alt=\"\" srcset=\"https:\/\/www.hotelcolor.es\/wp-content\/uploads\/2024\/01\/deluxe-color-550x826.jpg 550w, https:\/\/www.hotelcolor.es\/wp-content\/uploads\/2024\/01\/deluxe-color-200x300.jpg 200w, https:\/\/www.hotelcolor.es\/wp-content\/uploads\/2024\/01\/deluxe-color-682x1024.jpg 682w, https:\/\/www.hotelcolor.es\/wp-content\/uploads\/2024\/01\/deluxe-color-768x1154.jpg 768w, https:\/\/www.hotelcolor.es\/wp-content\/uploads\/2024\/01\/deluxe-color-780x1172.jpg 780w, https:\/\/www.hotelcolor.es\/wp-content\/uploads\/2024\/01\/deluxe-color-600x902.jpg 600w, https:\/\/www.hotelcolor.es\/wp-content\/uploads\/2024\/01\/deluxe-color-370x556.jpg 370w, https:\/\/www.hotelcolor.es\/wp-content\/uploads\/2024\/01\/deluxe-color-255x383.jpg 255w, https:\/\/www.hotelcolor.es\/wp-content\/uploads\/2024\/01\/deluxe-color.jpg 800w\" sizes=\"(max-width: 550px) 100vw, 550px\" \/>\t                <\/div>\n                <div class=\"cs-fc-content\">\t\t\t            <h6 class=\"cs-fc-title cs-title\">\n\t\t\t                TECNOLOGIA DE LUXE\t\t\t            <\/h6>\t\t\t            <div class=\"cs-fc-text color-primary\">\n\t\t\t                <p>PREZZO A PARTIRE DA 120 \u20ac<\/p>\t\t\t            <\/div>\t\t                <div class=\"cs-fc-btn\">\n\t\t                    <a class=\"button cs-btn-underline\" role=\"button\" href=\"https:\/\/www.hotelcolor.es\/it\/tecnologia-de-luxe\/\">\n\t\t                        <span class=\"cs-btn-text\">Prenota ora<\/span>\t\t                    <\/a>\n\t\t                <\/div>\t\t\t\t<\/div>\n            <\/div>\n        <\/div>\t\t<\/div>\n\t\t\t\t<\/div>\n\t\t\t\t\t<\/div>\n\t\t<\/div>\n\t\t\t\t<div class=\"elementor-column elementor-col-33 elementor-top-column elementor-element elementor-element-3e8c2c3\" data-id=\"3e8c2c3\" data-element_type=\"column\">\n\t\t\t<div class=\"elementor-widget-wrap elementor-element-populated\">\n\t\t\t\t\t\t\t\t<div class=\"elementor-element elementor-element-ef79103 cs-animation-small-offset elementor-invisible elementor-widget elementor-widget-cs_fancy_card\" data-id=\"ef79103\" data-element_type=\"widget\" data-settings=\"{&quot;_animation&quot;:&quot;fadeInDown&quot;,&quot;_animation_delay&quot;:200}\" data-widget_type=\"cs_fancy_card.default\">\n\t\t\t\t<div class=\"elementor-widget-container\">\n\t\t\t\n\t\t<div class=\"cs-fancy-card style-2 text-center cs-hover-img-zoom\">\n            <div class=\"cs-fc-wrap\">\t                <a class=\"cs-fc-link\" href=\"https:\/\/www.hotelcolor.es\/it\/sala-classica\/\"><\/a>\t               \t<div class=\"cs-fc-img\">\n\t                    <img loading=\"lazy\" decoding=\"async\" width=\"550\" height=\"826\" src=\"https:\/\/www.hotelcolor.es\/wp-content\/uploads\/2024\/04\/2_klasik-2-550x826.jpg\" class=\"attachment-cozystay_550x9999 size-cozystay_550x9999 wp-image-4042\" alt=\"\" srcset=\"https:\/\/www.hotelcolor.es\/wp-content\/uploads\/2024\/04\/2_klasik-2-550x826.jpg 550w, https:\/\/www.hotelcolor.es\/wp-content\/uploads\/2024\/04\/2_klasik-2-200x300.jpg 200w, https:\/\/www.hotelcolor.es\/wp-content\/uploads\/2024\/04\/2_klasik-2-682x1024.jpg 682w, https:\/\/www.hotelcolor.es\/wp-content\/uploads\/2024\/04\/2_klasik-2-768x1154.jpg 768w, https:\/\/www.hotelcolor.es\/wp-content\/uploads\/2024\/04\/2_klasik-2-1022x1536.jpg 1022w, https:\/\/www.hotelcolor.es\/wp-content\/uploads\/2024\/04\/2_klasik-2-1363x2048.jpg 1363w, https:\/\/www.hotelcolor.es\/wp-content\/uploads\/2024\/04\/2_klasik-2-1440x2164.jpg 1440w, https:\/\/www.hotelcolor.es\/wp-content\/uploads\/2024\/04\/2_klasik-2-1200x1803.jpg 1200w, https:\/\/www.hotelcolor.es\/wp-content\/uploads\/2024\/04\/2_klasik-2-780x1172.jpg 780w, https:\/\/www.hotelcolor.es\/wp-content\/uploads\/2024\/04\/2_klasik-2-600x902.jpg 600w, https:\/\/www.hotelcolor.es\/wp-content\/uploads\/2024\/04\/2_klasik-2-370x556.jpg 370w, https:\/\/www.hotelcolor.es\/wp-content\/uploads\/2024\/04\/2_klasik-2-255x383.jpg 255w, https:\/\/www.hotelcolor.es\/wp-content\/uploads\/2024\/04\/2_klasik-2.jpg 1600w\" sizes=\"(max-width: 550px) 100vw, 550px\" \/>\t                <\/div>\n                <div class=\"cs-fc-content\">\t\t\t            <h6 class=\"cs-fc-title cs-title\">\n\t\t\t                SALA CLASSICA\t\t\t            <\/h6>\t\t\t            <div class=\"cs-fc-text color-primary\">\n\t\t\t                <p>PREZZO A PARTIRE DA 85 \u20ac<\/p>\t\t\t            <\/div>\t\t                <div class=\"cs-fc-btn\">\n\t\t                    <a class=\"button cs-btn-underline\" role=\"button\" href=\"https:\/\/www.hotelcolor.es\/it\/sala-classica\/\">\n\t\t                        <span class=\"cs-btn-text\">Prenota ora<\/span>\t\t                    <\/a>\n\t\t                <\/div>\t\t\t\t<\/div>\n            <\/div>\n        <\/div>\t\t<\/div>\n\t\t\t\t<\/div>\n\t\t\t\t\t<\/div>\n\t\t<\/div>\n\t\t\t\t\t\t\t<\/div>\n\t\t<\/section>\n\t\t\t\t<section class=\"elementor-section elementor-top-section elementor-element elementor-element-dadb4dc elementor-section-boxed elementor-section-height-default elementor-section-height-default\" data-id=\"dadb4dc\" data-element_type=\"section\">\n\t\t\t\t\t\t<div class=\"elementor-container elementor-column-gap-no\">\n\t\t\t\t\t<div class=\"elementor-column elementor-col-33 elementor-top-column elementor-element elementor-element-b88e0db\" data-id=\"b88e0db\" data-element_type=\"column\">\n\t\t\t<div class=\"elementor-widget-wrap elementor-element-populated\">\n\t\t\t\t\t\t\t\t<div class=\"elementor-element elementor-element-e3e6b01 cs-animation-small-offset elementor-invisible elementor-widget elementor-widget-cs_fancy_card\" data-id=\"e3e6b01\" data-element_type=\"widget\" data-settings=\"{&quot;_animation&quot;:&quot;fadeInDown&quot;,&quot;_animation_delay&quot;:200}\" data-widget_type=\"cs_fancy_card.default\">\n\t\t\t\t<div class=\"elementor-widget-container\">\n\t\t\t\n\t\t<div class=\"cs-fancy-card style-2 text-center cs-hover-img-zoom\">\n            <div class=\"cs-fc-wrap\">\t                <a class=\"cs-fc-link\" href=\"https:\/\/www.hotelcolor.es\/it\/camera-comfort\/\"><\/a>\t               \t<div class=\"cs-fc-img\">\n\t                    <img loading=\"lazy\" decoding=\"async\" width=\"550\" height=\"826\" src=\"https:\/\/www.hotelcolor.es\/wp-content\/uploads\/2024\/04\/comfort-550x826.jpg\" class=\"attachment-cozystay_550x9999 size-cozystay_550x9999 wp-image-3858\" alt=\"\" srcset=\"https:\/\/www.hotelcolor.es\/wp-content\/uploads\/2024\/04\/comfort-550x826.jpg 550w, https:\/\/www.hotelcolor.es\/wp-content\/uploads\/2024\/04\/comfort-200x300.jpg 200w, https:\/\/www.hotelcolor.es\/wp-content\/uploads\/2024\/04\/comfort-682x1024.jpg 682w, https:\/\/www.hotelcolor.es\/wp-content\/uploads\/2024\/04\/comfort-768x1154.jpg 768w, https:\/\/www.hotelcolor.es\/wp-content\/uploads\/2024\/04\/comfort-1022x1536.jpg 1022w, https:\/\/www.hotelcolor.es\/wp-content\/uploads\/2024\/04\/comfort-1363x2048.jpg 1363w, https:\/\/www.hotelcolor.es\/wp-content\/uploads\/2024\/04\/comfort-1440x2164.jpg 1440w, https:\/\/www.hotelcolor.es\/wp-content\/uploads\/2024\/04\/comfort-1200x1803.jpg 1200w, https:\/\/www.hotelcolor.es\/wp-content\/uploads\/2024\/04\/comfort-780x1172.jpg 780w, https:\/\/www.hotelcolor.es\/wp-content\/uploads\/2024\/04\/comfort-600x902.jpg 600w, https:\/\/www.hotelcolor.es\/wp-content\/uploads\/2024\/04\/comfort-370x556.jpg 370w, https:\/\/www.hotelcolor.es\/wp-content\/uploads\/2024\/04\/comfort-255x383.jpg 255w, https:\/\/www.hotelcolor.es\/wp-content\/uploads\/2024\/04\/comfort.jpg 1600w\" sizes=\"(max-width: 550px) 100vw, 550px\" \/>\t                <\/div>\n                <div class=\"cs-fc-content\">\t\t\t            <h6 class=\"cs-fc-title cs-title\">\n\t\t\t                CAMERA COMFORT\t\t\t            <\/h6>\t\t\t            <div class=\"cs-fc-text color-primary\">\n\t\t\t                <p>PREZZO A PARTIRE DA 89 \u20ac<\/p>\t\t\t            <\/div>\t\t                <div class=\"cs-fc-btn\">\n\t\t                    <a class=\"button cs-btn-underline\" role=\"button\" href=\"https:\/\/www.hotelcolor.es\/it\/camera-comfort\/\">\n\t\t                        <span class=\"cs-btn-text\">Prenota ora<\/span>\t\t                    <\/a>\n\t\t                <\/div>\t\t\t\t<\/div>\n            <\/div>\n        <\/div>\t\t<\/div>\n\t\t\t\t<\/div>\n\t\t\t\t\t<\/div>\n\t\t<\/div>\n\t\t\t\t<div class=\"elementor-column elementor-col-33 elementor-top-column elementor-element elementor-element-787091b\" data-id=\"787091b\" data-element_type=\"column\">\n\t\t\t<div class=\"elementor-widget-wrap elementor-element-populated\">\n\t\t\t\t\t\t\t\t<div class=\"elementor-element elementor-element-8d13b83 cs-animation-small-offset elementor-invisible elementor-widget elementor-widget-cs_fancy_card\" data-id=\"8d13b83\" data-element_type=\"widget\" data-settings=\"{&quot;_animation&quot;:&quot;fadeInUp&quot;,&quot;_animation_delay&quot;:200}\" data-widget_type=\"cs_fancy_card.default\">\n\t\t\t\t<div class=\"elementor-widget-container\">\n\t\t\t\n\t\t<div class=\"cs-fancy-card style-2 text-center cs-hover-img-zoom\">\n            <div class=\"cs-fc-wrap\">\t                <a class=\"cs-fc-link\" href=\"https:\/\/www.hotelcolor.es\/it\/camera-classica-a-2-letti-con-letto-aggiuntivo\/\"><\/a>\t               \t<div class=\"cs-fc-img\">\n\t                    <img loading=\"lazy\" decoding=\"async\" width=\"550\" height=\"826\" src=\"https:\/\/www.hotelcolor.es\/wp-content\/uploads\/2024\/04\/rodinna-s-pristielkou-550x826.jpg\" class=\"attachment-cozystay_550x9999 size-cozystay_550x9999 wp-image-3857\" alt=\"\" srcset=\"https:\/\/www.hotelcolor.es\/wp-content\/uploads\/2024\/04\/rodinna-s-pristielkou-550x826.jpg 550w, https:\/\/www.hotelcolor.es\/wp-content\/uploads\/2024\/04\/rodinna-s-pristielkou-200x300.jpg 200w, https:\/\/www.hotelcolor.es\/wp-content\/uploads\/2024\/04\/rodinna-s-pristielkou-682x1024.jpg 682w, https:\/\/www.hotelcolor.es\/wp-content\/uploads\/2024\/04\/rodinna-s-pristielkou-768x1154.jpg 768w, https:\/\/www.hotelcolor.es\/wp-content\/uploads\/2024\/04\/rodinna-s-pristielkou-1022x1536.jpg 1022w, https:\/\/www.hotelcolor.es\/wp-content\/uploads\/2024\/04\/rodinna-s-pristielkou-1363x2048.jpg 1363w, https:\/\/www.hotelcolor.es\/wp-content\/uploads\/2024\/04\/rodinna-s-pristielkou-1440x2164.jpg 1440w, https:\/\/www.hotelcolor.es\/wp-content\/uploads\/2024\/04\/rodinna-s-pristielkou-1200x1803.jpg 1200w, https:\/\/www.hotelcolor.es\/wp-content\/uploads\/2024\/04\/rodinna-s-pristielkou-780x1172.jpg 780w, https:\/\/www.hotelcolor.es\/wp-content\/uploads\/2024\/04\/rodinna-s-pristielkou-600x902.jpg 600w, https:\/\/www.hotelcolor.es\/wp-content\/uploads\/2024\/04\/rodinna-s-pristielkou-370x556.jpg 370w, https:\/\/www.hotelcolor.es\/wp-content\/uploads\/2024\/04\/rodinna-s-pristielkou-255x383.jpg 255w, https:\/\/www.hotelcolor.es\/wp-content\/uploads\/2024\/04\/rodinna-s-pristielkou.jpg 1600w\" sizes=\"(max-width: 550px) 100vw, 550px\" \/>\t                <\/div>\n                <div class=\"cs-fc-content\">\t\t\t            <h6 class=\"cs-fc-title cs-title\">\n\t\t\t                CAMERA CLASSICA A 2 LETTI CON LETTO AGGIUNTIVO\t\t\t            <\/h6>\t\t\t            <div class=\"cs-fc-text color-primary\">\n\t\t\t                <p>PREZZO A PARTIRE DA 103 \u20ac<\/p>\t\t\t            <\/div>\t\t                <div class=\"cs-fc-btn\">\n\t\t                    <a class=\"button cs-btn-underline\" role=\"button\" href=\"https:\/\/www.hotelcolor.es\/it\/camera-classica-a-2-letti-con-letto-aggiuntivo\/\">\n\t\t                        <span class=\"cs-btn-text\">Prenota ora<\/span>\t\t                    <\/a>\n\t\t                <\/div>\t\t\t\t<\/div>\n            <\/div>\n        <\/div>\t\t<\/div>\n\t\t\t\t<\/div>\n\t\t\t\t\t<\/div>\n\t\t<\/div>\n\t\t\t\t<div class=\"elementor-column elementor-col-33 elementor-top-column elementor-element elementor-element-34a2190\" data-id=\"34a2190\" data-element_type=\"column\">\n\t\t\t<div class=\"elementor-widget-wrap elementor-element-populated\">\n\t\t\t\t\t\t\t\t<div class=\"elementor-element elementor-element-ccfd535 cs-animation-small-offset elementor-invisible elementor-widget elementor-widget-cs_fancy_card\" data-id=\"ccfd535\" data-element_type=\"widget\" data-settings=\"{&quot;_animation&quot;:&quot;fadeInDown&quot;,&quot;_animation_delay&quot;:200}\" data-widget_type=\"cs_fancy_card.default\">\n\t\t\t\t<div class=\"elementor-widget-container\">\n\t\t\t\n\t\t<div class=\"cs-fancy-card style-2 text-center cs-hover-img-zoom\">\n            <div class=\"cs-fc-wrap\">\t                <a class=\"cs-fc-link\" href=\"https:\/\/www.hotelcolor.es\/it\/sala-famiglia\/\"><\/a>\t               \t<div class=\"cs-fc-img\">\n\t                    <img loading=\"lazy\" decoding=\"async\" width=\"550\" height=\"826\" src=\"https:\/\/www.hotelcolor.es\/wp-content\/uploads\/2024\/04\/rodinna-550x826.jpg\" class=\"attachment-cozystay_550x9999 size-cozystay_550x9999 wp-image-3856\" alt=\"\" srcset=\"https:\/\/www.hotelcolor.es\/wp-content\/uploads\/2024\/04\/rodinna-550x826.jpg 550w, https:\/\/www.hotelcolor.es\/wp-content\/uploads\/2024\/04\/rodinna-200x300.jpg 200w, https:\/\/www.hotelcolor.es\/wp-content\/uploads\/2024\/04\/rodinna-682x1024.jpg 682w, https:\/\/www.hotelcolor.es\/wp-content\/uploads\/2024\/04\/rodinna-768x1154.jpg 768w, https:\/\/www.hotelcolor.es\/wp-content\/uploads\/2024\/04\/rodinna-1022x1536.jpg 1022w, https:\/\/www.hotelcolor.es\/wp-content\/uploads\/2024\/04\/rodinna-1363x2048.jpg 1363w, https:\/\/www.hotelcolor.es\/wp-content\/uploads\/2024\/04\/rodinna-1440x2164.jpg 1440w, https:\/\/www.hotelcolor.es\/wp-content\/uploads\/2024\/04\/rodinna-1200x1803.jpg 1200w, https:\/\/www.hotelcolor.es\/wp-content\/uploads\/2024\/04\/rodinna-780x1172.jpg 780w, https:\/\/www.hotelcolor.es\/wp-content\/uploads\/2024\/04\/rodinna-600x902.jpg 600w, https:\/\/www.hotelcolor.es\/wp-content\/uploads\/2024\/04\/rodinna-370x556.jpg 370w, https:\/\/www.hotelcolor.es\/wp-content\/uploads\/2024\/04\/rodinna-255x383.jpg 255w, https:\/\/www.hotelcolor.es\/wp-content\/uploads\/2024\/04\/rodinna.jpg 1600w\" sizes=\"(max-width: 550px) 100vw, 550px\" \/>\t                <\/div>\n                <div class=\"cs-fc-content\">\t\t\t            <h6 class=\"cs-fc-title cs-title\">\n\t\t\t                SALA FAMIGLIA\t\t\t            <\/h6>\t\t\t            <div class=\"cs-fc-text color-primary\">\n\t\t\t                <p>PREZZO A PARTIRE DA 115 \u20ac<\/p>\t\t\t            <\/div>\t\t                <div class=\"cs-fc-btn\">\n\t\t                    <a class=\"button cs-btn-underline\" role=\"button\" href=\"https:\/\/www.hotelcolor.es\/it\/sala-famiglia\/\">\n\t\t                        <span class=\"cs-btn-text\">Prenota ora<\/span>\t\t                    <\/a>\n\t\t                <\/div>\t\t\t\t<\/div>\n            <\/div>\n        <\/div>\t\t<\/div>\n\t\t\t\t<\/div>\n\t\t\t\t\t<\/div>\n\t\t<\/div>\n\t\t\t\t\t\t\t<\/div>\n\t\t<\/section>\n\t\t<div class=\"elementor-element elementor-element-bb6e1cd e-flex e-con-boxed e-con e-parent\" data-id=\"bb6e1cd\" data-element_type=\"container\" data-settings=\"{&quot;content_width&quot;:&quot;boxed&quot;}\" data-core-v316-plus=\"true\">\n\t\t\t\t\t<div class=\"e-con-inner\">\n\t\t\t\t<div class=\"elementor-element elementor-element-85c223c cs-animation-small-offset elementor-invisible elementor-widget elementor-widget-cs_info_box\" data-id=\"85c223c\" data-element_type=\"widget\" data-settings=\"{&quot;_animation&quot;:&quot;fadeInUp&quot;}\" data-widget_type=\"cs_info_box.default\">\n\t\t\t\t<div class=\"elementor-widget-container\">\n\t\t\t\n\t\t\t<div class=\"cs-info-box column-4 valign-top img-top text-left text-center-mobile\">\n                <div class=\"cs-info-box-wrap\">                    <div class=\"cs-info-box-item elementor-repeater-item-cccff81\">\n                    \t<div class=\"cs-item-container\">\t                        <div class=\"cs-info-box-img\"><i aria-hidden=\"true\" class=\"flaticon flaticon-television\"><\/i>\t                        <\/div>\t                        <div class=\"cs-info-box-content\">\n\t                            <h5 class=\"cs-title cs-info-box-title\">TV LCD con SAT\t\t\t\t\t\t\t\t<\/h5>\t                            \t<div class=\"cs-info-box-text\"><p>Nell'offerta di programmi troverai canali preferiti slovacchi, cechi e stranieri.<\/p><\/div>\t                        <\/div>\t                    <\/div>\n                    <\/div>                    <div class=\"cs-info-box-item elementor-repeater-item-6c33aa7\">\n                    \t<div class=\"cs-item-container\">\t                        <div class=\"cs-info-box-img\"><i aria-hidden=\"true\" class=\"flaticon flaticon-customer-service\"><\/i>\t                        <\/div>\t                        <div class=\"cs-info-box-content\">\n\t                            <h5 class=\"cs-title cs-info-box-title\">Servizio di pulizia\t\t\t\t\t\t\t\t<\/h5>\t                            \t<div class=\"cs-info-box-text\"><p>Le camere e le aree comuni dell'hotel vengono pulite ogni giorno in modo affidabile.<\/p><\/div>\t                        <\/div>\t                    <\/div>\n                    <\/div>                    <div class=\"cs-info-box-item elementor-repeater-item-0a01fb1\">\n                    \t<div class=\"cs-item-container\">\t                        <div class=\"cs-info-box-img\"><i aria-hidden=\"true\" class=\"flaticon flaticon-wifi-2\"><\/i>\t                        <\/div>\t                        <div class=\"cs-info-box-content\">\n\t                            <h5 class=\"cs-title cs-info-box-title\">Wifi e Internet\t\t\t\t\t\t\t\t<\/h5>\t                            \t<div class=\"cs-info-box-text\"><p>La connessione internet wireless \u00e8 disponibile gratuitamente in tutto l'hotel.<\/p><\/div>\t                        <\/div>\t                    <\/div>\n                    <\/div>                    <div class=\"cs-info-box-item elementor-repeater-item-bb40a8b\">\n                    \t<div class=\"cs-item-container\">\t                        <div class=\"cs-info-box-img\"><i aria-hidden=\"true\" class=\"flaticon flaticon-slippers\"><\/i>\t                        <\/div>\t                        <div class=\"cs-info-box-content\">\n\t                            <h5 class=\"cs-title cs-info-box-title\">Pulisci scarpe alla reception\t\t\t\t\t\t\t\t<\/h5>\t                            \t<div class=\"cs-info-box-text\"><p>La reception dell'hotel dispone di un servizio di lustrascarpe se necessario.<\/p><\/div>\t                        <\/div>\t                    <\/div>\n                    <\/div>                    <div class=\"cs-info-box-item elementor-repeater-item-55da29c\">\n                    \t<div class=\"cs-item-container\">\t                        <div class=\"cs-info-box-img\"><i aria-hidden=\"true\" class=\"flaticon flaticon-breakfast-2\"><\/i>\t                        <\/div>\t                        <div class=\"cs-info-box-content\">\n\t                            <h5 class=\"cs-title cs-info-box-title\">Colazione\t\t\t\t\t\t\t\t<\/h5>\t                            \t<div class=\"cs-info-box-text\"><p>Ogni giorno serviamo ai nostri ospiti una colazione a buffet nel ristorante dell'hotel, tenendo conto\nanche di allergie e diete.<\/p><\/div>\t                        <\/div>\t                    <\/div>\n                    <\/div>                    <div class=\"cs-info-box-item elementor-repeater-item-f41bbb4\">\n                    \t<div class=\"cs-item-container\">\t                        <div class=\"cs-info-box-img\"><i aria-hidden=\"true\" class=\"flaticon flaticon-parking\"><\/i>\t                        <\/div>\t                        <div class=\"cs-info-box-content\">\n\t                            <h5 class=\"cs-title cs-info-box-title\">Parcheggio\t\t\t\t\t\t\t\t<\/h5>\t                            \t<div class=\"cs-info-box-text\"><p>Disponiamo di un ampio parcheggio sorvegliato dell'hotel, disponibile a pagamento durante le notti di\n.<\/p><\/div>\t                        <\/div>\t                    <\/div>\n                    <\/div>                    <div class=\"cs-info-box-item elementor-repeater-item-0bf7877\">\n                    \t<div class=\"cs-item-container\">\t                        <div class=\"cs-info-box-img\"><i aria-hidden=\"true\" class=\"flaticon flaticon-food-service\"><\/i>\t                        <\/div>\t                        <div class=\"cs-info-box-content\">\n\t                            <h5 class=\"cs-title cs-info-box-title\">Ristorante\t\t\t\t\t\t\t\t<\/h5>\t                            \t<div class=\"cs-info-box-text\"><p>L'hotel dispone di un elegante bar della hall e di un ristorante che offre gustosi e moderni piatti \u00e0 la carte\n.<\/p><\/div>\t                        <\/div>\t                    <\/div>\n                    <\/div>                    <div class=\"cs-info-box-item elementor-repeater-item-3379dfb\">\n                    \t<div class=\"cs-item-container\">\t                        <div class=\"cs-info-box-img\"><i aria-hidden=\"true\" class=\"flaticon flaticon-veterinary\"><\/i>\t                        <\/div>\t                        <div class=\"cs-info-box-content\">\n\t                            <h5 class=\"cs-title cs-info-box-title\">Animali domestici\t\t\t\t\t\t\t\t<\/h5>\t                            \t<div class=\"cs-info-box-text\"><p>Accogliamo anche ospiti a quattro zampe e animali domestici nei nostri alloggi.<\/p><\/div>\t                        <\/div>\t                    <\/div>\n                    <\/div>\t\t\t\t<\/div>\n\t\t\t<\/div>\t\t<\/div>\n\t\t\t\t<\/div>\n\t\t\t\t\t<\/div>\n\t\t\t\t<\/div>\n\t\t\t\t\t\t\t<\/div>\n\t\t","protected":false},"excerpt":{"rendered":"<p>ALLOGGIO Un luogo in cui una sistemazione confortevole incontra un&#8217;atmosfera colorata Il nostro CAMERE A COLORI DELL&#8217;HOTEL Benvenuto all&#8217;Hotel Color, dove una sistemazione confortevole incontra un&#8217;atmosfera colorata. Ogni camera \u00e8 stata progettata all&#8217;insegna dell&#8217;eleganza e dello stile unico, con colori vivaci e comfort moderno. Con noi sperimenterai un&#8217;armonia di pace ed energia. Con un servizio &#8230;<\/p>\n","protected":false},"author":1,"featured_media":0,"parent":0,"menu_order":0,"comment_status":"closed","ping_status":"closed","template":"template-wide-content.php","meta":{"cozystay_single_page_hide_site_header":"","cozystay_single_page_site_header_source":"","cozystay_single_page_custom_site_header":"0","cozystay_single_page_custom_sticky_site_header":"0","cozystay_single_page_hide_page_title":"","cozystay_single_page_header_section_size":"","cozystay_single_page_header_background_color":"","cozystay_single_page_header_background_position_x":"center","cozystay_single_page_header_background_position_y":"center","cozystay_single_page_header_background_size":"cover","cozystay_single_page_header_background_repeat":"off","cozystay_single_page_header_background_scroll":"on","cozystay_single_page_header_text_color":"","cozystay_single_page_header_show_breadcrumb":"","cozystay_single_page_site_footer_hide_main":"","cozystay_single_custom_site_footer_main_source":"","cozystay_single_custom_site_footer_main":"0","cozystay_single_page_site_footer_hide_above":"","cozystay_single_custom_site_footer_above_source":"","cozystay_single_custom_site_footer_above":"0","cozystay_single_page_site_footer_hide_instagram":"","cozystay_single_page_site_footer_hide_bottom":"","cozystay_single_custom_mobile_menu_source":"","cozystay_single_custom_mobile_menu":"0","cozystay_single_custom_mobile_menu_animation":"","cozystay_single_custom_mobile_menu_width":"","cozystay_single_custom_mobile_menu_custom_width":375,"footnotes":""},"class_list":["post-5630","page","type-page","status-publish","hentry"],"yoast_head":"<!-- This site is optimized with the Yoast SEO plugin v21.9 - https:\/\/yoast.com\/wordpress\/plugins\/seo\/ -->\n<title>Alloggio - hotel color<\/title>\n<meta name=\"description\" content=\"Hotel a tre stelle con alloggi moderni a Bratislava. Ideale per viaggi d&#039;affari, corsi di formazione, feste, tutto sotto lo stesso tetto.\" \/>\n<meta name=\"robots\" content=\"index, follow, max-snippet:-1, max-image-preview:large, max-video-preview:-1\" \/>\n<link rel=\"canonical\" href=\"https:\/\/www.hotelcolor.es\/it\/alloggio\/\" \/>\n<meta property=\"og:locale\" content=\"it_IT\" \/>\n<meta property=\"og:type\" content=\"article\" \/>\n<meta property=\"og:title\" content=\"Alloggio - hotel color\" \/>\n<meta property=\"og:description\" content=\"Hotel a tre stelle con alloggi moderni a Bratislava. Ideale per viaggi d&#039;affari, corsi di formazione, feste, tutto sotto lo stesso tetto.\" \/>\n<meta property=\"og:url\" content=\"https:\/\/www.hotelcolor.es\/it\/alloggio\/\" \/>\n<meta property=\"og:site_name\" content=\"hotel color\" \/>\n<meta property=\"article:modified_time\" content=\"2025-04-01T06:32:12+00:00\" \/>\n<meta property=\"og:image\" content=\"https:\/\/www.hotelcolor.es\/wp-content\/uploads\/2025\/03\/Hotel-Color-Izba-Comfort-Plus-vyskakovacie-okno-550x367.jpg\" \/>\n<meta name=\"twitter:card\" content=\"summary_large_image\" \/>\n<meta name=\"twitter:label1\" content=\"Tempo di lettura stimato\" \/>\n\t<meta name=\"twitter:data1\" content=\"2 minuti\" \/>\n<script type=\"application\/ld+json\" class=\"yoast-schema-graph\">{\"@context\":\"https:\/\/schema.org\",\"@graph\":[{\"@type\":\"WebPage\",\"@id\":\"https:\/\/www.hotelcolor.es\/it\/alloggio\/\",\"url\":\"https:\/\/www.hotelcolor.es\/it\/alloggio\/\",\"name\":\"Alloggio - hotel color\",\"isPartOf\":{\"@id\":\"https:\/\/www.hotelcolor.es\/it\/#website\"},\"datePublished\":\"2023-04-22T09:23:38+00:00\",\"dateModified\":\"2025-04-01T06:32:12+00:00\",\"description\":\"Hotel a tre stelle con alloggi moderni a Bratislava. Ideale per viaggi d'affari, corsi di formazione, feste, tutto sotto lo stesso tetto.\",\"breadcrumb\":{\"@id\":\"https:\/\/www.hotelcolor.es\/it\/alloggio\/#breadcrumb\"},\"inLanguage\":\"it-IT\",\"potentialAction\":[{\"@type\":\"ReadAction\",\"target\":[\"https:\/\/www.hotelcolor.es\/it\/alloggio\/\"]}]},{\"@type\":\"BreadcrumbList\",\"@id\":\"https:\/\/www.hotelcolor.es\/it\/alloggio\/#breadcrumb\",\"itemListElement\":[{\"@type\":\"ListItem\",\"position\":1,\"name\":\"Home\",\"item\":\"https:\/\/www.hotelcolor.es\/it\/hotel-a-bratislava-alloggio-formazione-matrimoni-e-celebrazioni\/\"},{\"@type\":\"ListItem\",\"position\":2,\"name\":\"Alloggio\"}]},{\"@type\":\"WebSite\",\"@id\":\"https:\/\/www.hotelcolor.es\/it\/#website\",\"url\":\"https:\/\/www.hotelcolor.es\/it\/\",\"name\":\"hotel color\",\"description\":\"\",\"publisher\":{\"@id\":\"https:\/\/www.hotelcolor.es\/it\/#organization\"},\"potentialAction\":[{\"@type\":\"SearchAction\",\"target\":{\"@type\":\"EntryPoint\",\"urlTemplate\":\"https:\/\/www.hotelcolor.es\/it\/?s={search_term_string}\"},\"query-input\":\"required name=search_term_string\"}],\"inLanguage\":\"it-IT\"},{\"@type\":\"Organization\",\"@id\":\"https:\/\/www.hotelcolor.es\/it\/#organization\",\"name\":\"hotel color\",\"url\":\"https:\/\/www.hotelcolor.es\/it\/\",\"logo\":{\"@type\":\"ImageObject\",\"inLanguage\":\"it-IT\",\"@id\":\"https:\/\/www.hotelcolor.es\/it\/#\/schema\/logo\/image\/\",\"url\":\"https:\/\/www.hotelcolor.es\/wp-content\/uploads\/2023\/03\/logo-3-1.png\",\"contentUrl\":\"https:\/\/www.hotelcolor.es\/wp-content\/uploads\/2023\/03\/logo-3-1.png\",\"width\":457,\"height\":91,\"caption\":\"hotel color\"},\"image\":{\"@id\":\"https:\/\/www.hotelcolor.es\/it\/#\/schema\/logo\/image\/\"}}]}<\/script>\n<!-- \/ Yoast SEO plugin. -->","yoast_head_json":{"title":"Alloggio - hotel color","description":"Hotel a tre stelle con alloggi moderni a Bratislava. Ideale per viaggi d'affari, corsi di formazione, feste, tutto sotto lo stesso tetto.","robots":{"index":"index","follow":"follow","max-snippet":"max-snippet:-1","max-image-preview":"max-image-preview:large","max-video-preview":"max-video-preview:-1"},"canonical":"https:\/\/www.hotelcolor.es\/it\/alloggio\/","og_locale":"it_IT","og_type":"article","og_title":"Alloggio - hotel color","og_description":"Hotel a tre stelle con alloggi moderni a Bratislava. Ideale per viaggi d'affari, corsi di formazione, feste, tutto sotto lo stesso tetto.","og_url":"https:\/\/www.hotelcolor.es\/it\/alloggio\/","og_site_name":"hotel color","article_modified_time":"2025-04-01T06:32:12+00:00","og_image":[{"url":"https:\/\/www.hotelcolor.es\/wp-content\/uploads\/2025\/03\/Hotel-Color-Izba-Comfort-Plus-vyskakovacie-okno-550x367.jpg"}],"twitter_card":"summary_large_image","twitter_misc":{"Tempo di lettura stimato":"2 minuti"},"schema":{"@context":"https:\/\/schema.org","@graph":[{"@type":"WebPage","@id":"https:\/\/www.hotelcolor.es\/it\/alloggio\/","url":"https:\/\/www.hotelcolor.es\/it\/alloggio\/","name":"Alloggio - hotel color","isPartOf":{"@id":"https:\/\/www.hotelcolor.es\/it\/#website"},"datePublished":"2023-04-22T09:23:38+00:00","dateModified":"2025-04-01T06:32:12+00:00","description":"Hotel a tre stelle con alloggi moderni a Bratislava. Ideale per viaggi d'affari, corsi di formazione, feste, tutto sotto lo stesso tetto.","breadcrumb":{"@id":"https:\/\/www.hotelcolor.es\/it\/alloggio\/#breadcrumb"},"inLanguage":"it-IT","potentialAction":[{"@type":"ReadAction","target":["https:\/\/www.hotelcolor.es\/it\/alloggio\/"]}]},{"@type":"BreadcrumbList","@id":"https:\/\/www.hotelcolor.es\/it\/alloggio\/#breadcrumb","itemListElement":[{"@type":"ListItem","position":1,"name":"Home","item":"https:\/\/www.hotelcolor.es\/it\/hotel-a-bratislava-alloggio-formazione-matrimoni-e-celebrazioni\/"},{"@type":"ListItem","position":2,"name":"Alloggio"}]},{"@type":"WebSite","@id":"https:\/\/www.hotelcolor.es\/it\/#website","url":"https:\/\/www.hotelcolor.es\/it\/","name":"hotel color","description":"","publisher":{"@id":"https:\/\/www.hotelcolor.es\/it\/#organization"},"potentialAction":[{"@type":"SearchAction","target":{"@type":"EntryPoint","urlTemplate":"https:\/\/www.hotelcolor.es\/it\/?s={search_term_string}"},"query-input":"required name=search_term_string"}],"inLanguage":"it-IT"},{"@type":"Organization","@id":"https:\/\/www.hotelcolor.es\/it\/#organization","name":"hotel color","url":"https:\/\/www.hotelcolor.es\/it\/","logo":{"@type":"ImageObject","inLanguage":"it-IT","@id":"https:\/\/www.hotelcolor.es\/it\/#\/schema\/logo\/image\/","url":"https:\/\/www.hotelcolor.es\/wp-content\/uploads\/2023\/03\/logo-3-1.png","contentUrl":"https:\/\/www.hotelcolor.es\/wp-content\/uploads\/2023\/03\/logo-3-1.png","width":457,"height":91,"caption":"hotel color"},"image":{"@id":"https:\/\/www.hotelcolor.es\/it\/#\/schema\/logo\/image\/"}}]}},"_links":{"self":[{"href":"https:\/\/www.hotelcolor.es\/it\/wp-json\/wp\/v2\/pages\/5630","targetHints":{"allow":["GET"]}}],"collection":[{"href":"https:\/\/www.hotelcolor.es\/it\/wp-json\/wp\/v2\/pages"}],"about":[{"href":"https:\/\/www.hotelcolor.es\/it\/wp-json\/wp\/v2\/types\/page"}],"author":[{"embeddable":true,"href":"https:\/\/www.hotelcolor.es\/it\/wp-json\/wp\/v2\/users\/1"}],"replies":[{"embeddable":true,"href":"https:\/\/www.hotelcolor.es\/it\/wp-json\/wp\/v2\/comments?post=5630"}],"version-history":[{"count":2,"href":"https:\/\/www.hotelcolor.es\/it\/wp-json\/wp\/v2\/pages\/5630\/revisions"}],"predecessor-version":[{"id":5669,"href":"https:\/\/www.hotelcolor.es\/it\/wp-json\/wp\/v2\/pages\/5630\/revisions\/5669"}],"wp:attachment":[{"href":"https:\/\/www.hotelcolor.es\/it\/wp-json\/wp\/v2\/media?parent=5630"}],"curies":[{"name":"wp","href":"https:\/\/api.w.org\/{rel}","templated":true}]}}